{"id":1053,"date":"2025-05-30T15:51:33","date_gmt":"2025-05-30T15:51:33","guid":{"rendered":"https:\/\/www.artlandart.com\/?page_id=1053"},"modified":"2025-06-04T15:41:02","modified_gmt":"2025-06-04T15:41:02","slug":"mon-vingtieme-siecle","status":"publish","type":"page","link":"https:\/\/www.artlandart.com\/?page_id=1053","title":{"rendered":"Mon vingti\u00e8me si\u00e8cle"},"content":{"rendered":"\n<p><\/p>\n\n\n\n<p><\/p>\n\n\n\n<p><\/p>\n\n\n\n<p class=\"has-text-align-left\">Une s\u00e9l\u00e9ction d&rsquo;\u00e9v\u00e9nements qui ont fait de moi ce que je suis aujourdhui.<br>Les photographies sont de mauvaise qualit\u00e9 mais j&rsquo;ai rien de mieux \u00e0 proposer.<br>Par contre les aquarelles (en vrai) sont tr\u00e8s belles.<\/p>\n\n\n\n<p class=\"has-text-align-left\"><br><\/p>\n\n\n\n<figure class=\"wp-block-image aligncenter size-full\"><a href=\"https:\/\/www.artlandart.com\/wp-content\/uploads\/2025\/05\/american-dream-1-1.jpg\"><img loading=\"lazy\" decoding=\"async\" width=\"550\" height=\"738\" src=\"https:\/\/www.artlandart.com\/wp-content\/uploads\/2025\/05\/american-dream-1-1.jpg\" alt=\"\" class=\"wp-image-1086\" srcset=\"https:\/\/www.artlandart.com\/wp-content\/uploads\/2025\/05\/american-dream-1-1.jpg 550w, https:\/\/www.artlandart.com\/wp-content\/uploads\/2025\/05\/american-dream-1-1-224x300.jpg 224w\" sizes=\"auto, (max-width: 550px) 100vw, 550px\" \/><\/a><\/figure>\n\n\n\n<h5 class=\"wp-block-heading has-text-align-center\">Am\u00e9rican Dream<\/h5>\n\n\n\n<p><\/p>\n\n\n\n<p><\/p>\n\n\n\n<p><\/p>\n\n\n\n<p><\/p>\n\n\n\n<p><\/p>\n\n\n\n<p><\/p>\n\n\n\n<p><\/p>\n\n\n\n<figure class=\"wp-block-image size-full\"><a href=\"https:\/\/www.artlandart.com\/wp-content\/uploads\/2025\/05\/Il-faut-que-ca-toune.jpg\"><img loading=\"lazy\" decoding=\"async\" width=\"738\" height=\"557\" src=\"https:\/\/www.artlandart.com\/wp-content\/uploads\/2025\/05\/Il-faut-que-ca-toune.jpg\" alt=\"\" class=\"wp-image-1062\" srcset=\"https:\/\/www.artlandart.com\/wp-content\/uploads\/2025\/05\/Il-faut-que-ca-toune.jpg 738w, https:\/\/www.artlandart.com\/wp-content\/uploads\/2025\/05\/Il-faut-que-ca-toune-300x226.jpg 300w\" sizes=\"auto, (max-width: 738px) 100vw, 738px\" \/><\/a><\/figure>\n\n\n\n<h5 class=\"wp-block-heading has-text-align-center\">Il faut que \u00e7a tourne<\/h5>\n\n\n\n<p><\/p>\n\n\n\n<p><\/p>\n\n\n\n<p><\/p>\n\n\n\n<p><\/p>\n\n\n\n<p><\/p>\n\n\n\n<figure class=\"wp-block-image size-full\"><a href=\"https:\/\/www.artlandart.com\/wp-content\/uploads\/2025\/05\/La-femme-en-or.jpg\"><img loading=\"lazy\" decoding=\"async\" width=\"738\" height=\"557\" src=\"https:\/\/www.artlandart.com\/wp-content\/uploads\/2025\/05\/La-femme-en-or.jpg\" alt=\"\" class=\"wp-image-1066\" srcset=\"https:\/\/www.artlandart.com\/wp-content\/uploads\/2025\/05\/La-femme-en-or.jpg 738w, https:\/\/www.artlandart.com\/wp-content\/uploads\/2025\/05\/La-femme-en-or-300x226.jpg 300w\" sizes=\"auto, (max-width: 738px) 100vw, 738px\" \/><\/a><\/figure>\n\n\n\n<h5 class=\"wp-block-heading has-text-align-center\">La femme en or<\/h5>\n\n\n\n<p><\/p>\n\n\n\n<p><\/p>\n\n\n\n<p><\/p>\n\n\n\n<p><\/p>\n\n\n\n<p><\/p>\n\n\n\n<figure class=\"wp-block-image aligncenter size-full\"><a href=\"https:\/\/www.artlandart.com\/wp-content\/uploads\/2025\/05\/Le-calice-1.jpg\"><img loading=\"lazy\" decoding=\"async\" width=\"500\" height=\"677\" src=\"https:\/\/www.artlandart.com\/wp-content\/uploads\/2025\/05\/Le-calice-1.jpg\" alt=\"\" class=\"wp-image-1070\" srcset=\"https:\/\/www.artlandart.com\/wp-content\/uploads\/2025\/05\/Le-calice-1.jpg 500w, https:\/\/www.artlandart.com\/wp-content\/uploads\/2025\/05\/Le-calice-1-222x300.jpg 222w\" sizes=\"auto, (max-width: 500px) 100vw, 500px\" \/><\/a><\/figure>\n\n\n\n<h5 class=\"wp-block-heading has-text-align-center\">Le calice<\/h5>\n\n\n\n<p><\/p>\n\n\n\n<p><\/p>\n\n\n\n<p><\/p>\n\n\n\n<p><\/p>\n\n\n\n<p><\/p>\n\n\n\n<figure class=\"wp-block-image aligncenter size-full\"><a href=\"https:\/\/www.artlandart.com\/wp-content\/uploads\/2025\/05\/lecran-intelligent.jpeg\"><img loading=\"lazy\" decoding=\"async\" width=\"500\" height=\"671\" src=\"https:\/\/www.artlandart.com\/wp-content\/uploads\/2025\/05\/lecran-intelligent.jpeg\" alt=\"\" class=\"wp-image-1071\" srcset=\"https:\/\/www.artlandart.com\/wp-content\/uploads\/2025\/05\/lecran-intelligent.jpeg 500w, https:\/\/www.artlandart.com\/wp-content\/uploads\/2025\/05\/lecran-intelligent-224x300.jpeg 224w\" sizes=\"auto, (max-width: 500px) 100vw, 500px\" \/><\/a><\/figure>\n\n\n\n<h5 class=\"wp-block-heading has-text-align-center\">L&rsquo;\u00e9cran intelligent<\/h5>\n\n\n\n<p><\/p>\n\n\n\n<p><\/p>\n\n\n\n<p><\/p>\n\n\n\n<p><\/p>\n\n\n\n<p><\/p>\n\n\n\n<figure class=\"wp-block-image aligncenter size-full\"><a href=\"https:\/\/www.artlandart.com\/wp-content\/uploads\/2025\/05\/Le-manege-1.jpg\"><img loading=\"lazy\" decoding=\"async\" width=\"500\" height=\"665\" src=\"https:\/\/www.artlandart.com\/wp-content\/uploads\/2025\/05\/Le-manege-1.jpg\" alt=\"\" class=\"wp-image-1078\" srcset=\"https:\/\/www.artlandart.com\/wp-content\/uploads\/2025\/05\/Le-manege-1.jpg 500w, https:\/\/www.artlandart.com\/wp-content\/uploads\/2025\/05\/Le-manege-1-226x300.jpg 226w\" sizes=\"auto, (max-width: 500px) 100vw, 500px\" \/><\/a><\/figure>\n\n\n\n<h5 class=\"wp-block-heading has-text-align-center\">Le man\u00e8ge<\/h5>\n\n\n\n<p><\/p>\n\n\n\n<p><\/p>\n\n\n\n<p><\/p>\n\n\n\n<p><\/p>\n\n\n\n<p><\/p>\n\n\n\n<figure class=\"wp-block-image aligncenter size-full\"><a href=\"https:\/\/www.artlandart.com\/wp-content\/uploads\/2025\/05\/Lessence-ciel-est-invisible-a-nos-yeux.jpg\"><img loading=\"lazy\" decoding=\"async\" width=\"500\" height=\"677\" src=\"https:\/\/www.artlandart.com\/wp-content\/uploads\/2025\/05\/Lessence-ciel-est-invisible-a-nos-yeux.jpg\" alt=\"\" class=\"wp-image-1073\" srcset=\"https:\/\/www.artlandart.com\/wp-content\/uploads\/2025\/05\/Lessence-ciel-est-invisible-a-nos-yeux.jpg 500w, https:\/\/www.artlandart.com\/wp-content\/uploads\/2025\/05\/Lessence-ciel-est-invisible-a-nos-yeux-222x300.jpg 222w\" sizes=\"auto, (max-width: 500px) 100vw, 500px\" \/><\/a><\/figure>\n\n\n\n<h5 class=\"wp-block-heading has-text-align-center\">L&rsquo;essence ciel est invisible \u00e0 nos yeux<\/h5>\n\n\n\n<p><\/p>\n\n\n\n<p><\/p>\n\n\n\n<p><\/p>\n\n\n\n<p><\/p>\n\n\n\n<p><\/p>\n\n\n\n<figure class=\"wp-block-image size-full\"><a href=\"https:\/\/www.artlandart.com\/wp-content\/uploads\/2025\/05\/Viva-le-cinema.jpg\"><img loading=\"lazy\" decoding=\"async\" width=\"738\" height=\"549\" src=\"https:\/\/www.artlandart.com\/wp-content\/uploads\/2025\/05\/Viva-le-cinema.jpg\" alt=\"\" class=\"wp-image-1075\" srcset=\"https:\/\/www.artlandart.com\/wp-content\/uploads\/2025\/05\/Viva-le-cinema.jpg 738w, https:\/\/www.artlandart.com\/wp-content\/uploads\/2025\/05\/Viva-le-cinema-300x223.jpg 300w\" sizes=\"auto, (max-width: 738px) 100vw, 738px\" \/><\/a><\/figure>\n\n\n\n<h5 class=\"wp-block-heading has-text-align-center\">Viva le cin\u00e9ma<\/h5>\n\n\n\n<p><\/p>\n\n\n\n<p><\/p>\n\n\n\n<p><\/p>\n\n\n\n<p><\/p>\n\n\n\n<p><\/p>\n\n\n\n<figure class=\"wp-block-image aligncenter size-full\"><a href=\"https:\/\/www.artlandart.com\/wp-content\/uploads\/2025\/05\/Le-super-marche.jpg\"><img loading=\"lazy\" decoding=\"async\" width=\"500\" height=\"674\" src=\"https:\/\/www.artlandart.com\/wp-content\/uploads\/2025\/05\/Le-super-marche.jpg\" alt=\"\" class=\"wp-image-1076\" srcset=\"https:\/\/www.artlandart.com\/wp-content\/uploads\/2025\/05\/Le-super-marche.jpg 500w, https:\/\/www.artlandart.com\/wp-content\/uploads\/2025\/05\/Le-super-marche-223x300.jpg 223w\" sizes=\"auto, (max-width: 500px) 100vw, 500px\" \/><\/a><\/figure>\n\n\n\n<h5 class=\"wp-block-heading has-text-align-center\">Le super march\u00e9<\/h5>\n\n\n\n<p><\/p>\n\n\n\n<p><\/p>\n\n\n\n<p><\/p>\n\n\n\n<p><\/p>\n\n\n\n<p><\/p>\n\n\n\n<figure class=\"wp-block-image size-full\"><a href=\"https:\/\/www.artlandart.com\/wp-content\/uploads\/2025\/05\/La-fin-du-neolithique.jpg\"><img loading=\"lazy\" decoding=\"async\" width=\"738\" height=\"554\" src=\"https:\/\/www.artlandart.com\/wp-content\/uploads\/2025\/05\/La-fin-du-neolithique.jpg\" alt=\"\" class=\"wp-image-1080\" srcset=\"https:\/\/www.artlandart.com\/wp-content\/uploads\/2025\/05\/La-fin-du-neolithique.jpg 738w, https:\/\/www.artlandart.com\/wp-content\/uploads\/2025\/05\/La-fin-du-neolithique-300x225.jpg 300w\" sizes=\"auto, (max-width: 738px) 100vw, 738px\" \/><\/a><\/figure>\n\n\n\n<h5 class=\"wp-block-heading has-text-align-center\">La fin du n\u00e9olithique<\/h5>\n\n\n\n<p><\/p>\n\n\n\n<p><\/p>\n\n\n\n<p><\/p>\n\n\n\n<p><\/p>\n\n\n\n<p><\/p>\n\n\n\n<figure class=\"wp-block-image aligncenter size-full\"><a href=\"https:\/\/www.artlandart.com\/wp-content\/uploads\/2025\/05\/La-decouverte-du-microbiota-chromatologique.jpg\"><img loading=\"lazy\" decoding=\"async\" width=\"500\" height=\"666\" src=\"https:\/\/www.artlandart.com\/wp-content\/uploads\/2025\/05\/La-decouverte-du-microbiota-chromatologique.jpg\" alt=\"\" class=\"wp-image-1083\" srcset=\"https:\/\/www.artlandart.com\/wp-content\/uploads\/2025\/05\/La-decouverte-du-microbiota-chromatologique.jpg 500w, https:\/\/www.artlandart.com\/wp-content\/uploads\/2025\/05\/La-decouverte-du-microbiota-chromatologique-225x300.jpg 225w\" sizes=\"auto, (max-width: 500px) 100vw, 500px\" \/><\/a><\/figure>\n\n\n\n<h5 class=\"wp-block-heading has-text-align-center\">la d\u00e9couverte du microbiote chromatologique<\/h5>\n\n\n\n<p><\/p>\n\n\n\n<p><\/p>\n\n\n\n<p><\/p>\n\n\n\n<p><\/p>\n\n\n\n<p><\/p>\n\n\n\n<figure class=\"wp-block-image size-full\"><a href=\"https:\/\/www.artlandart.com\/wp-content\/uploads\/2025\/05\/La-dolce-vita.jpg\"><img loading=\"lazy\" decoding=\"async\" width=\"738\" height=\"552\" src=\"https:\/\/www.artlandart.com\/wp-content\/uploads\/2025\/05\/La-dolce-vita.jpg\" alt=\"\" class=\"wp-image-1085\" srcset=\"https:\/\/www.artlandart.com\/wp-content\/uploads\/2025\/05\/La-dolce-vita.jpg 738w, https:\/\/www.artlandart.com\/wp-content\/uploads\/2025\/05\/La-dolce-vita-300x224.jpg 300w\" sizes=\"auto, (max-width: 738px) 100vw, 738px\" \/><\/a><\/figure>\n\n\n\n<h5 class=\"wp-block-heading has-text-align-center\">La dolce vita<\/h5>\n\n\n\n<p><\/p>\n\n\n\n<p><\/p>\n\n\n\n<p><\/p>\n\n\n\n<p><\/p>\n\n\n\n<p><\/p>\n\n\n\n<figure class=\"wp-block-image size-full\"><a href=\"https:\/\/www.artlandart.com\/wp-content\/uploads\/2025\/05\/Lattention-flottante.jpg\"><img loading=\"lazy\" decoding=\"async\" width=\"738\" height=\"554\" src=\"https:\/\/www.artlandart.com\/wp-content\/uploads\/2025\/05\/Lattention-flottante.jpg\" alt=\"\" class=\"wp-image-1091\" srcset=\"https:\/\/www.artlandart.com\/wp-content\/uploads\/2025\/05\/Lattention-flottante.jpg 738w, https:\/\/www.artlandart.com\/wp-content\/uploads\/2025\/05\/Lattention-flottante-300x225.jpg 300w\" sizes=\"auto, (max-width: 738px) 100vw, 738px\" \/><\/a><\/figure>\n\n\n\n<h5 class=\"wp-block-heading has-text-align-center\">L&rsquo;attention flottante<\/h5>\n\n\n\n<p><\/p>\n\n\n\n<p><\/p>\n\n\n\n<p><\/p>\n\n\n\n<p><\/p>\n\n\n\n<p><\/p>\n\n\n\n<figure class=\"wp-block-image aligncenter size-full\"><a href=\"https:\/\/www.artlandart.com\/wp-content\/uploads\/2025\/05\/La-sainte-guerre.jpg\"><img loading=\"lazy\" decoding=\"async\" width=\"500\" height=\"674\" src=\"https:\/\/www.artlandart.com\/wp-content\/uploads\/2025\/05\/La-sainte-guerre.jpg\" alt=\"\" class=\"wp-image-1093\" srcset=\"https:\/\/www.artlandart.com\/wp-content\/uploads\/2025\/05\/La-sainte-guerre.jpg 500w, https:\/\/www.artlandart.com\/wp-content\/uploads\/2025\/05\/La-sainte-guerre-223x300.jpg 223w\" sizes=\"auto, (max-width: 500px) 100vw, 500px\" \/><\/a><\/figure>\n\n\n\n<h5 class=\"wp-block-heading has-text-align-center\">La sainte guerre<\/h5>\n\n\n\n<p><\/p>\n\n\n\n<p><\/p>\n\n\n\n<p><\/p>\n\n\n\n<p><\/p>\n\n\n\n<p><\/p>\n\n\n\n<figure class=\"wp-block-image aligncenter size-full\"><a href=\"https:\/\/www.artlandart.com\/wp-content\/uploads\/2025\/05\/La-conquete-de-lespace-1.jpg\"><img loading=\"lazy\" decoding=\"async\" width=\"500\" height=\"668\" src=\"https:\/\/www.artlandart.com\/wp-content\/uploads\/2025\/05\/La-conquete-de-lespace-1.jpg\" alt=\"\" class=\"wp-image-1096\" srcset=\"https:\/\/www.artlandart.com\/wp-content\/uploads\/2025\/05\/La-conquete-de-lespace-1.jpg 500w, https:\/\/www.artlandart.com\/wp-content\/uploads\/2025\/05\/La-conquete-de-lespace-1-225x300.jpg 225w\" sizes=\"auto, (max-width: 500px) 100vw, 500px\" \/><\/a><\/figure>\n\n\n\n<h5 class=\"wp-block-heading has-text-align-center\">La conqu\u00e8te de l&rsquo;espace<\/h5>\n\n\n\n<p><\/p>\n","protected":false},"excerpt":{"rendered":"<p>Une s\u00e9l\u00e9ction d&rsquo;\u00e9v\u00e9nements qui ont fait de moi ce que je suis aujourdhui.Les photographies sont de mauvaise qualit\u00e9 mais j&rsquo;ai rien de mieux \u00e0 proposer.Par contre les aquarelles (en vrai) sont tr\u00e8s belles. Am\u00e9rican Dream Il faut que \u00e7a tourne La femme en or Le calice L&rsquo;\u00e9cran intelligent Le man\u00e8ge L&rsquo;essence ciel est invisible \u00e0 [&hellip;]<\/p>\n","protected":false},"author":1,"featured_media":0,"parent":0,"menu_order":0,"comment_status":"open","ping_status":"closed","template":"","meta":{"footnotes":""},"class_list":["post-1053","page","type-page","status-publish","hentry"],"_links":{"self":[{"href":"https:\/\/www.artlandart.com\/index.php?rest_route=\/wp\/v2\/pages\/1053","targetHints":{"allow":["GET"]}}],"collection":[{"href":"https:\/\/www.artlandart.com\/index.php?rest_route=\/wp\/v2\/pages"}],"about":[{"href":"https:\/\/www.artlandart.com\/index.php?rest_route=\/wp\/v2\/types\/page"}],"author":[{"embeddable":true,"href":"https:\/\/www.artlandart.com\/index.php?rest_route=\/wp\/v2\/users\/1"}],"replies":[{"embeddable":true,"href":"https:\/\/www.artlandart.com\/index.php?rest_route=%2Fwp%2Fv2%2Fcomments&post=1053"}],"version-history":[{"count":26,"href":"https:\/\/www.artlandart.com\/index.php?rest_route=\/wp\/v2\/pages\/1053\/revisions"}],"predecessor-version":[{"id":1108,"href":"https:\/\/www.artlandart.com\/index.php?rest_route=\/wp\/v2\/pages\/1053\/revisions\/1108"}],"wp:attachment":[{"href":"https:\/\/www.artlandart.com\/index.php?rest_route=%2Fwp%2Fv2%2Fmedia&parent=1053"}],"curies":[{"name":"wp","href":"https:\/\/api.w.org\/{rel}","templated":true}]}}